{"id":1311,"date":"2019-01-02T13:11:49","date_gmt":"2019-01-02T12:11:49","guid":{"rendered":"https:\/\/www.arcidiocesigaeta.it\/famiglia\/?page_id=1311"},"modified":"2019-01-16T17:52:28","modified_gmt":"2019-01-16T16:52:28","slug":"27012019-2","status":"publish","type":"page","link":"https:\/\/www.arcidiocesigaeta.it\/famiglia\/formazione\/2018-2019\/27012019-2\/","title":{"rendered":"L&#8217;arte di Scegliere"},"content":{"rendered":"\n<p><em>Primo incontro del percorso di Formazione e di Crescita.<\/em><\/p>\n\n\n\n<div class=\"wp-block-columns has-2-columns is-layout-flex wp-container-core-columns-is-layout-9d6595d7 wp-block-columns-is-layout-flex\">\n<div class=\"wp-block-column is-layout-flow wp-block-column-is-layout-flow\">\n<div class=\"wp-block-image\"><figure class=\"alignleft is-resized\"><img loading=\"lazy\" decoding=\"async\" src=\"https:\/\/www.arcidiocesigaeta.it\/famiglia\/wp-content\/uploads\/sites\/10\/2019\/01\/prima_tappa2019.png\" alt=\"\" class=\"wp-image-1314\" width=\"266\" height=\"354\" srcset=\"https:\/\/www.arcidiocesigaeta.it\/famiglia\/wp-content\/uploads\/sites\/10\/2019\/01\/prima_tappa2019.png 675w, https:\/\/www.arcidiocesigaeta.it\/famiglia\/wp-content\/uploads\/sites\/10\/2019\/01\/prima_tappa2019-226x300.png 226w, https:\/\/www.arcidiocesigaeta.it\/famiglia\/wp-content\/uploads\/sites\/10\/2019\/01\/prima_tappa2019-113x150.png 113w\" sizes=\"auto, (max-width: 266px) 100vw, 266px\" \/><\/figure><\/div>\n\n\n\n<p>  <\/p>\n\n\n\n<p>Il cammino di questo anno sar\u00e0 imperniato proprio sul discernimento circa la qualit\u00e0 dell\u2019amore nella famiglia e nella comunit\u00e0. Come si vede, appena \u201cuna briciola\u201d, un piccolo assaggio dell\u2019ampio testo di\u00a0<em>Amoris laetitia<\/em>. Una \u201cbriciola\u201d, s\u00ec, ma densa e importante. Con la speranza che susciti, in tutti, la curiosit\u00e0 e il desiderio di\u00a0 meditarlo e di concretizzarlo.<\/p>\n\n\n\n<p>&nbsp;\u201cNon si pu\u00f2 esprimere il vangelo del\nmatrimonio e della famiglia -dice il papa-&nbsp; se non ci soffermiamo in modo\nspecifico a parlare dell\u2019amore, perch\u00e9 non potremo incoraggiare un cammino di\nfedelt\u00e0 e di reciproca donazione se non stimoliamo la crescita, il\nconsolidamento e l\u2019approfondimento dell\u2019amore coniugale e familiare\u201d (AL 89).<\/p>\n\n\n\n<p>\u00a0La famiglia \u00e8 il luogo naturale e insostituibile in cui si vive \u201cla gioia dell\u2019amore\u201d, con la consapevolezza che la vita familiare \u00e8 un\u2019esperienza fragile e complessa che mette in gioco non le idee ma le persone.\u00a0Del resto -scrive il Papa- \u201cnessuna famiglia \u00e8 una realt\u00e0 perfetta e confezionata una volta per sempre, ma richiede a ciascun componente un graduale sviluppo della propria capacit\u00e0 di amare (AL 325).<\/p>\n\n\n\n<p>Sfida i giovani a mettersi in gioco, con fiducia, in questa avventura che offre la possibilit\u00e0 di sperimentare una grande carica di umanit\u00e0: le relazioni che crescono con il crescere delle persone, l\u2019emozione e la gioia di generare nuove creature, l\u2019accompagnamento educativo, la condivisione delle gioie e delle difficolt\u00e0.\u00a0<\/p>\n\n\n\n<p>E\u2019 vero che l\u2019amore \u00e8 al centro del messaggio cristiano, cos\u00ec come lo \u00e8 nella cultura odierna, ma \u201cla parola amore -precisa il Papa- \u00e8 una delle pi\u00f9 utilizzate e molte volte appare sfigurata\u201d (89). Con la parola \u201camore\u201d, infatti, indichiamo sia le realt\u00e0 pi\u00f9 alte, sia quelle meno nobili; con essa definiamo il mistero di Dio (\u201cDio \u00e8 amore\u201d) e, al tempo stesso, la usiamo per indicare scelte ignobili.<\/p>\n\n\n\n<p>&nbsp;Il discernimento \u00e8 la capacit\u00e0 di\nesercitare la propria libert\u00e0 nel prendere decisioni importanti nella vita,\nsuppone una certa maturit\u00e0 umana e ne determina la crescita. E\u2019 un\u2019esperienza\nche guida la persona a non lasciarsi abbagliare dalle facili scorciatoie per\naffermarsi nella vita, e insegna ad abitare questo mondo con saggezza e\ndiscrezione.&nbsp;<\/p>\n\n\n\n<p>\u00a0Il discernimento spirituale riguarda, in particolare, il cammino di fede e il rapporto con Dio, comporta l\u2019impegno della ricerca della volont\u00e0 di Dio nella propria vita e negli eventi della storia, seguendo la via del Vangelo. Quindi, il discernimento consiste nel comprendere come la verit\u00e0 evangelica si incarna e si realizza nella mia esistenza, nella mia vita; e comporta la decisione di passare all\u2019azione, di fare delle scelte concrete. Il discernimento, pertanto, fa riferimento alla coscienza ben formata, alla libert\u00e0 dell\u2019uomo e alla concretezza della vita.<\/p>\n\n\n\n<p>Dal percorso proposto, emergeranno i diversi elementi che possono essere assunti come criteri utili per discernere la qualit\u00e0 dell\u2019amore coniugale, familiare (educativo) e comunitario. <\/p>\n\n\n\n<p>A guidare gli incontri  saranno i coniugi Nadia e Loris Di Vittorio, consulenti familiari e  direttori del Consultorio Familiare UCIPEM di Pescara. Domenica 27  gennaio alle 10.30 presso la parrocchia Cuore Immacolato di  Maria-Villaggio don Bosco di Formia, ad aprire i lavori del primo  incontro sar\u00e0 il vescovo Luigi Vari. <\/p>\n<\/div>\n\n\n\n<div class=\"wp-block-column is-layout-flow wp-block-column-is-layout-flow\">\n<p>Per iscriversi:<\/p>\n\n\n<p>[vfb id=&#8217;4&#8242;]<\/p>\n<\/div>\n<\/div>\n\n\n\n<div class=\"wp-block-columns has-2-columns is-layout-flex wp-container-core-columns-is-layout-9d6595d7 wp-block-columns-is-layout-flex\">\n<div class=\"wp-block-column is-layout-flow wp-block-column-is-layout-flow\">\n<p><\/p>\n<\/div>\n\n\n\n<div class=\"wp-block-column is-layout-flow wp-block-column-is-layout-flow\"><\/div>\n<\/div>\n\n\n\n<p><\/p>\n","protected":false},"excerpt":{"rendered":"<p>Primo incontro del percorso di Formazione e di Crescita. Il cammino di questo anno sar\u00e0 imperniato proprio sul discernimento circa la qualit\u00e0 dell\u2019amore nella famiglia e nella comunit\u00e0. Come si vede, appena \u201cuna briciola\u201d, un piccolo assaggio dell\u2019ampio testo di\u00a0Amoris laetitia. Una \u201cbriciola\u201d, s\u00ec, ma densa e importante. Con la speranza che susciti, in tutti, [&hellip;]<\/p>\n","protected":false},"author":1,"featured_media":0,"parent":1309,"menu_order":0,"comment_status":"closed","ping_status":"closed","template":"","meta":{"footnotes":""},"class_list":["post-1311","page","type-page","status-publish","hentry"],"acf":[],"yoast_head":"<!-- This site is optimized with the Yoast SEO plugin v25.2 - https:\/\/yoast.com\/wordpress\/plugins\/seo\/ -->\n<title>L&#039;arte di Scegliere - Ufficio Diocesano di Pastorale Familiare<\/title>\n<meta name=\"robots\" content=\"index, follow, max-snippet:-1, max-image-preview:large, max-video-preview:-1\" \/>\n<link rel=\"canonical\" href=\"https:\/\/www.arcidiocesigaeta.it\/famiglia\/formazione\/2018-2019\/27012019-2\/\" \/>\n<meta property=\"og:locale\" content=\"it_IT\" \/>\n<meta property=\"og:type\" content=\"article\" \/>\n<meta property=\"og:title\" content=\"L&#039;arte di Scegliere - Ufficio Diocesano di Pastorale Familiare\" \/>\n<meta property=\"og:description\" content=\"Primo incontro del percorso di Formazione e di Crescita. Il cammino di questo anno sar\u00e0 imperniato proprio sul discernimento circa la qualit\u00e0 dell\u2019amore nella famiglia e nella comunit\u00e0. Come si vede, appena \u201cuna briciola\u201d, un piccolo assaggio dell\u2019ampio testo di\u00a0Amoris laetitia. Una \u201cbriciola\u201d, s\u00ec, ma densa e importante. Con la speranza che susciti, in tutti, [&hellip;]\" \/>\n<meta property=\"og:url\" content=\"https:\/\/www.arcidiocesigaeta.it\/famiglia\/formazione\/2018-2019\/27012019-2\/\" \/>\n<meta property=\"og:site_name\" content=\"Ufficio Diocesano di Pastorale Familiare\" \/>\n<meta property=\"article:modified_time\" content=\"2019-01-16T16:52:28+00:00\" \/>\n<meta property=\"og:image\" content=\"https:\/\/www.arcidiocesigaeta.it\/famiglia\/wp-content\/uploads\/2019\/01\/prima_tappa2019.png\" \/>\n<meta name=\"twitter:card\" content=\"summary_large_image\" \/>\n<meta name=\"twitter:label1\" content=\"Tempo di lettura stimato\" \/>\n\t<meta name=\"twitter:data1\" content=\"3 minuti\" \/>\n<script type=\"application\/ld+json\" class=\"yoast-schema-graph\">{\"@context\":\"https:\/\/schema.org\",\"@graph\":[{\"@type\":\"WebPage\",\"@id\":\"https:\/\/www.arcidiocesigaeta.it\/famiglia\/formazione\/2018-2019\/27012019-2\/\",\"url\":\"https:\/\/www.arcidiocesigaeta.it\/famiglia\/formazione\/2018-2019\/27012019-2\/\",\"name\":\"L'arte di Scegliere - Ufficio Diocesano di Pastorale Familiare\",\"isPartOf\":{\"@id\":\"https:\/\/www.arcidiocesigaeta.it\/famiglia\/#website\"},\"primaryImageOfPage\":{\"@id\":\"https:\/\/www.arcidiocesigaeta.it\/famiglia\/formazione\/2018-2019\/27012019-2\/#primaryimage\"},\"image\":{\"@id\":\"https:\/\/www.arcidiocesigaeta.it\/famiglia\/formazione\/2018-2019\/27012019-2\/#primaryimage\"},\"thumbnailUrl\":\"https:\/\/www.arcidiocesigaeta.it\/famiglia\/wp-content\/uploads\/sites\/10\/2019\/01\/prima_tappa2019.png\",\"datePublished\":\"2019-01-02T12:11:49+00:00\",\"dateModified\":\"2019-01-16T16:52:28+00:00\",\"breadcrumb\":{\"@id\":\"https:\/\/www.arcidiocesigaeta.it\/famiglia\/formazione\/2018-2019\/27012019-2\/#breadcrumb\"},\"inLanguage\":\"it-IT\",\"potentialAction\":[{\"@type\":\"ReadAction\",\"target\":[\"https:\/\/www.arcidiocesigaeta.it\/famiglia\/formazione\/2018-2019\/27012019-2\/\"]}]},{\"@type\":\"ImageObject\",\"inLanguage\":\"it-IT\",\"@id\":\"https:\/\/www.arcidiocesigaeta.it\/famiglia\/formazione\/2018-2019\/27012019-2\/#primaryimage\",\"url\":\"https:\/\/www.arcidiocesigaeta.it\/famiglia\/wp-content\/uploads\/sites\/10\/2019\/01\/prima_tappa2019.png\",\"contentUrl\":\"https:\/\/www.arcidiocesigaeta.it\/famiglia\/wp-content\/uploads\/sites\/10\/2019\/01\/prima_tappa2019.png\",\"width\":675,\"height\":898},{\"@type\":\"BreadcrumbList\",\"@id\":\"https:\/\/www.arcidiocesigaeta.it\/famiglia\/formazione\/2018-2019\/27012019-2\/#breadcrumb\",\"itemListElement\":[{\"@type\":\"ListItem\",\"position\":1,\"name\":\"Home\",\"item\":\"https:\/\/www.arcidiocesigaeta.it\/famiglia\/\"},{\"@type\":\"ListItem\",\"position\":2,\"name\":\"Formazione\",\"item\":\"https:\/\/www.arcidiocesigaeta.it\/famiglia\/formazione\/\"},{\"@type\":\"ListItem\",\"position\":3,\"name\":\"2018-2019\",\"item\":\"https:\/\/www.arcidiocesigaeta.it\/famiglia\/formazione\/2018-2019\/\"},{\"@type\":\"ListItem\",\"position\":4,\"name\":\"L&#8217;arte di Scegliere\"}]},{\"@type\":\"WebSite\",\"@id\":\"https:\/\/www.arcidiocesigaeta.it\/famiglia\/#website\",\"url\":\"https:\/\/www.arcidiocesigaeta.it\/famiglia\/\",\"name\":\"Ufficio Diocesano di Pastorale Familiare\",\"description\":\"Arcidiocesi di Gaeta\",\"potentialAction\":[{\"@type\":\"SearchAction\",\"target\":{\"@type\":\"EntryPoint\",\"urlTemplate\":\"https:\/\/www.arcidiocesigaeta.it\/famiglia\/?s={search_term_string}\"},\"query-input\":{\"@type\":\"PropertyValueSpecification\",\"valueRequired\":true,\"valueName\":\"search_term_string\"}}],\"inLanguage\":\"it-IT\"}]}<\/script>\n<!-- \/ Yoast SEO plugin. -->","yoast_head_json":{"title":"L'arte di Scegliere - Ufficio Diocesano di Pastorale Familiare","robots":{"index":"index","follow":"follow","max-snippet":"max-snippet:-1","max-image-preview":"max-image-preview:large","max-video-preview":"max-video-preview:-1"},"canonical":"https:\/\/www.arcidiocesigaeta.it\/famiglia\/formazione\/2018-2019\/27012019-2\/","og_locale":"it_IT","og_type":"article","og_title":"L'arte di Scegliere - Ufficio Diocesano di Pastorale Familiare","og_description":"Primo incontro del percorso di Formazione e di Crescita. Il cammino di questo anno sar\u00e0 imperniato proprio sul discernimento circa la qualit\u00e0 dell\u2019amore nella famiglia e nella comunit\u00e0. Come si vede, appena \u201cuna briciola\u201d, un piccolo assaggio dell\u2019ampio testo di\u00a0Amoris laetitia. Una \u201cbriciola\u201d, s\u00ec, ma densa e importante. Con la speranza che susciti, in tutti, [&hellip;]","og_url":"https:\/\/www.arcidiocesigaeta.it\/famiglia\/formazione\/2018-2019\/27012019-2\/","og_site_name":"Ufficio Diocesano di Pastorale Familiare","article_modified_time":"2019-01-16T16:52:28+00:00","og_image":[{"url":"https:\/\/www.arcidiocesigaeta.it\/famiglia\/wp-content\/uploads\/2019\/01\/prima_tappa2019.png","type":"","width":"","height":""}],"twitter_card":"summary_large_image","twitter_misc":{"Tempo di lettura stimato":"3 minuti"},"schema":{"@context":"https:\/\/schema.org","@graph":[{"@type":"WebPage","@id":"https:\/\/www.arcidiocesigaeta.it\/famiglia\/formazione\/2018-2019\/27012019-2\/","url":"https:\/\/www.arcidiocesigaeta.it\/famiglia\/formazione\/2018-2019\/27012019-2\/","name":"L'arte di Scegliere - Ufficio Diocesano di Pastorale Familiare","isPartOf":{"@id":"https:\/\/www.arcidiocesigaeta.it\/famiglia\/#website"},"primaryImageOfPage":{"@id":"https:\/\/www.arcidiocesigaeta.it\/famiglia\/formazione\/2018-2019\/27012019-2\/#primaryimage"},"image":{"@id":"https:\/\/www.arcidiocesigaeta.it\/famiglia\/formazione\/2018-2019\/27012019-2\/#primaryimage"},"thumbnailUrl":"https:\/\/www.arcidiocesigaeta.it\/famiglia\/wp-content\/uploads\/sites\/10\/2019\/01\/prima_tappa2019.png","datePublished":"2019-01-02T12:11:49+00:00","dateModified":"2019-01-16T16:52:28+00:00","breadcrumb":{"@id":"https:\/\/www.arcidiocesigaeta.it\/famiglia\/formazione\/2018-2019\/27012019-2\/#breadcrumb"},"inLanguage":"it-IT","potentialAction":[{"@type":"ReadAction","target":["https:\/\/www.arcidiocesigaeta.it\/famiglia\/formazione\/2018-2019\/27012019-2\/"]}]},{"@type":"ImageObject","inLanguage":"it-IT","@id":"https:\/\/www.arcidiocesigaeta.it\/famiglia\/formazione\/2018-2019\/27012019-2\/#primaryimage","url":"https:\/\/www.arcidiocesigaeta.it\/famiglia\/wp-content\/uploads\/sites\/10\/2019\/01\/prima_tappa2019.png","contentUrl":"https:\/\/www.arcidiocesigaeta.it\/famiglia\/wp-content\/uploads\/sites\/10\/2019\/01\/prima_tappa2019.png","width":675,"height":898},{"@type":"BreadcrumbList","@id":"https:\/\/www.arcidiocesigaeta.it\/famiglia\/formazione\/2018-2019\/27012019-2\/#breadcrumb","itemListElement":[{"@type":"ListItem","position":1,"name":"Home","item":"https:\/\/www.arcidiocesigaeta.it\/famiglia\/"},{"@type":"ListItem","position":2,"name":"Formazione","item":"https:\/\/www.arcidiocesigaeta.it\/famiglia\/formazione\/"},{"@type":"ListItem","position":3,"name":"2018-2019","item":"https:\/\/www.arcidiocesigaeta.it\/famiglia\/formazione\/2018-2019\/"},{"@type":"ListItem","position":4,"name":"L&#8217;arte di Scegliere"}]},{"@type":"WebSite","@id":"https:\/\/www.arcidiocesigaeta.it\/famiglia\/#website","url":"https:\/\/www.arcidiocesigaeta.it\/famiglia\/","name":"Ufficio Diocesano di Pastorale Familiare","description":"Arcidiocesi di Gaeta","potentialAction":[{"@type":"SearchAction","target":{"@type":"EntryPoint","urlTemplate":"https:\/\/www.arcidiocesigaeta.it\/famiglia\/?s={search_term_string}"},"query-input":{"@type":"PropertyValueSpecification","valueRequired":true,"valueName":"search_term_string"}}],"inLanguage":"it-IT"}]}},"_links":{"self":[{"href":"https:\/\/www.arcidiocesigaeta.it\/famiglia\/wp-json\/wp\/v2\/pages\/1311","targetHints":{"allow":["GET"]}}],"collection":[{"href":"https:\/\/www.arcidiocesigaeta.it\/famiglia\/wp-json\/wp\/v2\/pages"}],"about":[{"href":"https:\/\/www.arcidiocesigaeta.it\/famiglia\/wp-json\/wp\/v2\/types\/page"}],"author":[{"embeddable":true,"href":"https:\/\/www.arcidiocesigaeta.it\/famiglia\/wp-json\/wp\/v2\/users\/1"}],"replies":[{"embeddable":true,"href":"https:\/\/www.arcidiocesigaeta.it\/famiglia\/wp-json\/wp\/v2\/comments?post=1311"}],"version-history":[{"count":6,"href":"https:\/\/www.arcidiocesigaeta.it\/famiglia\/wp-json\/wp\/v2\/pages\/1311\/revisions"}],"predecessor-version":[{"id":1323,"href":"https:\/\/www.arcidiocesigaeta.it\/famiglia\/wp-json\/wp\/v2\/pages\/1311\/revisions\/1323"}],"up":[{"embeddable":true,"href":"https:\/\/www.arcidiocesigaeta.it\/famiglia\/wp-json\/wp\/v2\/pages\/1309"}],"wp:attachment":[{"href":"https:\/\/www.arcidiocesigaeta.it\/famiglia\/wp-json\/wp\/v2\/media?parent=1311"}],"curies":[{"name":"wp","href":"https:\/\/api.w.org\/{rel}","templated":true}]}}