{"id":1342,"date":"2019-04-18T20:42:19","date_gmt":"2019-04-18T18:42:19","guid":{"rendered":"https:\/\/www.arcidiocesigaeta.it\/famiglia\/?page_id=1342"},"modified":"2019-07-02T22:53:32","modified_gmt":"2019-07-02T20:53:32","slug":"convegno2019","status":"publish","type":"page","link":"https:\/\/www.arcidiocesigaeta.it\/famiglia\/cammino-diocesano-per-le-famiglie\/convegno2019\/","title":{"rendered":"Cammino Diocesano per le Famiglie 2019"},"content":{"rendered":"\n<h3 class=\"wp-block-heading\" style=\"text-align:center\">solo l&#8217;amore guida&#8230;<\/h3>\n\n\n\n<h4 class=\"wp-block-heading\" style=\"text-align:right\">lampada per i miei passi&#8230;<\/h4>\n\n\n\n<p><span style=\"display: inline !important; float: none; background-color: #ffffff; color: #191e23; cursor: text; font-size: 16px; font-style: normal; font-variant: normal; font-weight: 400; letter-spacing: normal; orphans: 2; text-align: left; text-decoration: none; text-indent: 0px; text-transform: none; -webkit-text-stroke-width: 0px; white-space: normal; word-spacing: 0px;\"><img loading=\"lazy\" decoding=\"async\" width=\"219\" height=\"291\" class=\"wp-image-1405 alignleft\" alt=\"\" src=\"https:\/\/www.arcidiocesigaeta.it\/famiglia\/wp-content\/uploads\/sites\/10\/2019\/06\/locandina.png\" srcset=\"https:\/\/www.arcidiocesigaeta.it\/famiglia\/wp-content\/uploads\/sites\/10\/2019\/06\/locandina.png 674w, https:\/\/www.arcidiocesigaeta.it\/famiglia\/wp-content\/uploads\/sites\/10\/2019\/06\/locandina-226x300.png 226w, https:\/\/www.arcidiocesigaeta.it\/famiglia\/wp-content\/uploads\/sites\/10\/2019\/06\/locandina-113x150.png 113w\" sizes=\"auto, (max-width: 219px) 100vw, 219px\" \/><\/span>Quest&#8217;anno il convegno estivo organizzato dall&#8217;Ufficio Diocesano di Pastorale Familiare dell&#8217;Arcidiocesi di Gaeta si terr\u00e0 a Pesaro presso la struttura &#8220;Villa Borromeo&#8221; dal 13 al 17 Agosto<\/p>\n\n\n\n\n\n<hr class=\"wp-block-separator\"\/>\n\n\n\n<div class=\"wp-block-columns has-2-columns is-layout-flex wp-container-core-columns-is-layout-9d6595d7 wp-block-columns-is-layout-flex\">\n<div class=\"wp-block-column is-layout-flow wp-block-column-is-layout-flow\">\n<p>Per iscriversi al convegno puoi utilizzare questo modulo.<\/p>\n\n\n<p>[vfb id=&#8217;6&#8242;]<\/p>\n<\/div>\n\n\n\n<div class=\"wp-block-column is-layout-flow wp-block-column-is-layout-flow\">\n<p>Alcune immagini della struttura.<\/p>\n\n\n<p>[slideshow_deploy id=&#8217;1343&#8242;]<\/p>\n\n\n\n<p>  <\/p>\n\n\n\n<p><strong><a href=\"https:\/\/www.arcidiocesigaeta.it\/famiglia\/wp-content\/uploads\/sites\/10\/2019\/07\/note-organizzative-convegno-2019.pdf\" target=\"_blank\" rel=\"noreferrer noopener\" aria-label=\"NOTE ORGANIZZATIVE (opens in a new tab)\">NOTE ORGANIZZATIVE<\/a><\/strong><br> Il cammino inizier\u00e0 marted\u00ec 13 agosto e si concluder\u00e0 sabato 17 agosto 2019 presso:<br><em> Casa per ferie \u2013 VILLA BORROMEO<\/em> Via Amedeo Avogadro, 40 PESARO<br> Durante lo svolgimento, i figli delle famiglie partecipanti, dal compimento del terzo anno  seguiranno un itinerario di animazione proprio del cammino, preparato dall\u2019equipe dell\u2019Ufficio<br> Diocesano per la pastorale della famiglia. I neonati (fino al compimento del secondo anno) rimarranno con i genitori. I genitori sono pregati di segnalare per tempo eventuali problemi dei bambini\/ragazzi, nonch\u00e9 eventuali allergie e\/o intolleranze alimentari.<br><strong>QUOTA SOGGIORNO<\/strong><br> comprende: pernottamento in pensione completa con acqua inclusa (bevande escluse), dalla cena del 13 al pranzo del 17 agosto, servizio pullman gran turismo A\/R con visite culturali a Loreto e Urbino.<\/p>\n\n\n\n<p> <em>Adulti<\/em><\/p>\n\n\n\n<ul>\n<li>in camera doppia o multipla Euro 280,00 a persona<\/li>\n<li>in camera singola Euro 300,00<\/li><\/ul><p>la struttura dispone di 9 camere per persone disabili<\/p>\n<p><em>Contributo per i figli<\/em><\/p>\n<ul>\n<li>in camera con i genitori 0-3 anni gratuito<\/li>\n<li>in camera con i genitori 4\/10 anni Euro 90,00<\/li>\n<li>in camera con i genitori dai 11 anni Euro 110,00<\/li>\n<\/ul>\n<p>Come consuetudine l\u2019Ufficio diocesano per la pastorale della famiglia contribuir\u00e0 a versare gran<br>parte della quota per i figli presenti. Si intende cos\u00ec affermare in modo concreto che i figli sono un patrimonio di tutta la comunit\u00e0.<\/p>\n<p><em><strong>Come raggiungerci:<\/strong><\/em><br>Autostrada A14 adriatica \u2013 Uscita Fano prendere strada statale SS16 direzione Pesaro (12 km).<\/p>\n<\/div>\n<\/div>\n\n\n\n<hr class=\"wp-block-separator\"\/>\n\n\n\n<div class=\"wp-block-image\"><figure class=\"alignleft is-resized\"><img loading=\"lazy\" decoding=\"async\" src=\"https:\/\/www.arcidiocesigaeta.it\/famiglia\/wp-content\/uploads\/sites\/10\/2018\/05\/cei_logo_facebook.jpg\" alt=\"\" class=\"wp-image-1095\" width=\"66\" height=\"66\" srcset=\"https:\/\/www.arcidiocesigaeta.it\/famiglia\/wp-content\/uploads\/sites\/10\/2018\/05\/cei_logo_facebook.jpg 400w, https:\/\/www.arcidiocesigaeta.it\/famiglia\/wp-content\/uploads\/sites\/10\/2018\/05\/cei_logo_facebook-150x150.jpg 150w, https:\/\/www.arcidiocesigaeta.it\/famiglia\/wp-content\/uploads\/sites\/10\/2018\/05\/cei_logo_facebook-300x300.jpg 300w\" sizes=\"auto, (max-width: 66px) 100vw, 66px\" \/><\/figure><\/div>\n\n\n\n<p>Iniziativa sostenuta dai fondi 8&#215;1000 <br>della Conferenza Episcopale Italiana<\/p>\n","protected":false},"excerpt":{"rendered":"<p>solo l&#8217;amore guida&#8230; lampada per i miei passi&#8230; Per iscriversi al convegno puoi utilizzare questo modulo. Alcune immagini della struttura. NOTE ORGANIZZATIVE Il cammino inizier\u00e0 marted\u00ec 13 agosto e si concluder\u00e0 sabato 17 agosto 2019 presso: Casa per ferie \u2013 VILLA BORROMEO Via Amedeo Avogadro, 40 PESARO Durante lo svolgimento, i figli delle famiglie partecipanti, [&hellip;]<\/p>\n","protected":false},"author":1,"featured_media":0,"parent":1052,"menu_order":0,"comment_status":"closed","ping_status":"closed","template":"templates\/template-onecolumn.php","meta":{"footnotes":""},"class_list":["post-1342","page","type-page","status-publish","hentry"],"acf":[],"yoast_head":"<!-- This site is optimized with the Yoast SEO plugin v25.2 - https:\/\/yoast.com\/wordpress\/plugins\/seo\/ -->\n<title>Cammino Diocesano per le Famiglie 2019 - Ufficio Diocesano di Pastorale Familiare<\/title>\n<meta name=\"robots\" content=\"index, follow, max-snippet:-1, max-image-preview:large, max-video-preview:-1\" \/>\n<link rel=\"canonical\" href=\"https:\/\/www.arcidiocesigaeta.it\/famiglia\/cammino-diocesano-per-le-famiglie\/convegno2019\/\" \/>\n<meta property=\"og:locale\" content=\"it_IT\" \/>\n<meta property=\"og:type\" content=\"article\" \/>\n<meta property=\"og:title\" content=\"Cammino Diocesano per le Famiglie 2019 - Ufficio Diocesano di Pastorale Familiare\" \/>\n<meta property=\"og:description\" content=\"solo l&#8217;amore guida&#8230; lampada per i miei passi&#8230; Per iscriversi al convegno puoi utilizzare questo modulo. Alcune immagini della struttura. NOTE ORGANIZZATIVE Il cammino inizier\u00e0 marted\u00ec 13 agosto e si concluder\u00e0 sabato 17 agosto 2019 presso: Casa per ferie \u2013 VILLA BORROMEO Via Amedeo Avogadro, 40 PESARO Durante lo svolgimento, i figli delle famiglie partecipanti, [&hellip;]\" \/>\n<meta property=\"og:url\" content=\"https:\/\/www.arcidiocesigaeta.it\/famiglia\/cammino-diocesano-per-le-famiglie\/convegno2019\/\" \/>\n<meta property=\"og:site_name\" content=\"Ufficio Diocesano di Pastorale Familiare\" \/>\n<meta property=\"article:modified_time\" content=\"2019-07-02T20:53:32+00:00\" \/>\n<meta property=\"og:image\" content=\"https:\/\/www.arcidiocesigaeta.it\/famiglia\/wp-content\/uploads\/2019\/06\/locandina.png\" \/>\n<meta name=\"twitter:card\" content=\"summary_large_image\" \/>\n<meta name=\"twitter:label1\" content=\"Tempo di lettura stimato\" \/>\n\t<meta name=\"twitter:data1\" content=\"1 minuto\" \/>\n<script type=\"application\/ld+json\" class=\"yoast-schema-graph\">{\"@context\":\"https:\/\/schema.org\",\"@graph\":[{\"@type\":\"WebPage\",\"@id\":\"https:\/\/www.arcidiocesigaeta.it\/famiglia\/cammino-diocesano-per-le-famiglie\/convegno2019\/\",\"url\":\"https:\/\/www.arcidiocesigaeta.it\/famiglia\/cammino-diocesano-per-le-famiglie\/convegno2019\/\",\"name\":\"Cammino Diocesano per le Famiglie 2019 - Ufficio Diocesano di Pastorale Familiare\",\"isPartOf\":{\"@id\":\"https:\/\/www.arcidiocesigaeta.it\/famiglia\/#website\"},\"primaryImageOfPage\":{\"@id\":\"https:\/\/www.arcidiocesigaeta.it\/famiglia\/cammino-diocesano-per-le-famiglie\/convegno2019\/#primaryimage\"},\"image\":{\"@id\":\"https:\/\/www.arcidiocesigaeta.it\/famiglia\/cammino-diocesano-per-le-famiglie\/convegno2019\/#primaryimage\"},\"thumbnailUrl\":\"https:\/\/www.arcidiocesigaeta.it\/famiglia\/wp-content\/uploads\/sites\/10\/2019\/06\/locandina.png\",\"datePublished\":\"2019-04-18T18:42:19+00:00\",\"dateModified\":\"2019-07-02T20:53:32+00:00\",\"breadcrumb\":{\"@id\":\"https:\/\/www.arcidiocesigaeta.it\/famiglia\/cammino-diocesano-per-le-famiglie\/convegno2019\/#breadcrumb\"},\"inLanguage\":\"it-IT\",\"potentialAction\":[{\"@type\":\"ReadAction\",\"target\":[\"https:\/\/www.arcidiocesigaeta.it\/famiglia\/cammino-diocesano-per-le-famiglie\/convegno2019\/\"]}]},{\"@type\":\"ImageObject\",\"inLanguage\":\"it-IT\",\"@id\":\"https:\/\/www.arcidiocesigaeta.it\/famiglia\/cammino-diocesano-per-le-famiglie\/convegno2019\/#primaryimage\",\"url\":\"https:\/\/www.arcidiocesigaeta.it\/famiglia\/wp-content\/uploads\/sites\/10\/2019\/06\/locandina.png\",\"contentUrl\":\"https:\/\/www.arcidiocesigaeta.it\/famiglia\/wp-content\/uploads\/sites\/10\/2019\/06\/locandina.png\",\"width\":674,\"height\":894},{\"@type\":\"BreadcrumbList\",\"@id\":\"https:\/\/www.arcidiocesigaeta.it\/famiglia\/cammino-diocesano-per-le-famiglie\/convegno2019\/#breadcrumb\",\"itemListElement\":[{\"@type\":\"ListItem\",\"position\":1,\"name\":\"Home\",\"item\":\"https:\/\/www.arcidiocesigaeta.it\/famiglia\/\"},{\"@type\":\"ListItem\",\"position\":2,\"name\":\"Cammino Diocesano per le Famiglie\",\"item\":\"https:\/\/www.arcidiocesigaeta.it\/famiglia\/cammino-diocesano-per-le-famiglie\/\"},{\"@type\":\"ListItem\",\"position\":3,\"name\":\"Cammino Diocesano per le Famiglie 2019\"}]},{\"@type\":\"WebSite\",\"@id\":\"https:\/\/www.arcidiocesigaeta.it\/famiglia\/#website\",\"url\":\"https:\/\/www.arcidiocesigaeta.it\/famiglia\/\",\"name\":\"Ufficio Diocesano di Pastorale Familiare\",\"description\":\"Arcidiocesi di Gaeta\",\"potentialAction\":[{\"@type\":\"SearchAction\",\"target\":{\"@type\":\"EntryPoint\",\"urlTemplate\":\"https:\/\/www.arcidiocesigaeta.it\/famiglia\/?s={search_term_string}\"},\"query-input\":{\"@type\":\"PropertyValueSpecification\",\"valueRequired\":true,\"valueName\":\"search_term_string\"}}],\"inLanguage\":\"it-IT\"}]}<\/script>\n<!-- \/ Yoast SEO plugin. -->","yoast_head_json":{"title":"Cammino Diocesano per le Famiglie 2019 - Ufficio Diocesano di Pastorale Familiare","robots":{"index":"index","follow":"follow","max-snippet":"max-snippet:-1","max-image-preview":"max-image-preview:large","max-video-preview":"max-video-preview:-1"},"canonical":"https:\/\/www.arcidiocesigaeta.it\/famiglia\/cammino-diocesano-per-le-famiglie\/convegno2019\/","og_locale":"it_IT","og_type":"article","og_title":"Cammino Diocesano per le Famiglie 2019 - Ufficio Diocesano di Pastorale Familiare","og_description":"solo l&#8217;amore guida&#8230; lampada per i miei passi&#8230; Per iscriversi al convegno puoi utilizzare questo modulo. Alcune immagini della struttura. NOTE ORGANIZZATIVE Il cammino inizier\u00e0 marted\u00ec 13 agosto e si concluder\u00e0 sabato 17 agosto 2019 presso: Casa per ferie \u2013 VILLA BORROMEO Via Amedeo Avogadro, 40 PESARO Durante lo svolgimento, i figli delle famiglie partecipanti, [&hellip;]","og_url":"https:\/\/www.arcidiocesigaeta.it\/famiglia\/cammino-diocesano-per-le-famiglie\/convegno2019\/","og_site_name":"Ufficio Diocesano di Pastorale Familiare","article_modified_time":"2019-07-02T20:53:32+00:00","og_image":[{"url":"https:\/\/www.arcidiocesigaeta.it\/famiglia\/wp-content\/uploads\/2019\/06\/locandina.png","type":"","width":"","height":""}],"twitter_card":"summary_large_image","twitter_misc":{"Tempo di lettura stimato":"1 minuto"},"schema":{"@context":"https:\/\/schema.org","@graph":[{"@type":"WebPage","@id":"https:\/\/www.arcidiocesigaeta.it\/famiglia\/cammino-diocesano-per-le-famiglie\/convegno2019\/","url":"https:\/\/www.arcidiocesigaeta.it\/famiglia\/cammino-diocesano-per-le-famiglie\/convegno2019\/","name":"Cammino Diocesano per le Famiglie 2019 - Ufficio Diocesano di Pastorale Familiare","isPartOf":{"@id":"https:\/\/www.arcidiocesigaeta.it\/famiglia\/#website"},"primaryImageOfPage":{"@id":"https:\/\/www.arcidiocesigaeta.it\/famiglia\/cammino-diocesano-per-le-famiglie\/convegno2019\/#primaryimage"},"image":{"@id":"https:\/\/www.arcidiocesigaeta.it\/famiglia\/cammino-diocesano-per-le-famiglie\/convegno2019\/#primaryimage"},"thumbnailUrl":"https:\/\/www.arcidiocesigaeta.it\/famiglia\/wp-content\/uploads\/sites\/10\/2019\/06\/locandina.png","datePublished":"2019-04-18T18:42:19+00:00","dateModified":"2019-07-02T20:53:32+00:00","breadcrumb":{"@id":"https:\/\/www.arcidiocesigaeta.it\/famiglia\/cammino-diocesano-per-le-famiglie\/convegno2019\/#breadcrumb"},"inLanguage":"it-IT","potentialAction":[{"@type":"ReadAction","target":["https:\/\/www.arcidiocesigaeta.it\/famiglia\/cammino-diocesano-per-le-famiglie\/convegno2019\/"]}]},{"@type":"ImageObject","inLanguage":"it-IT","@id":"https:\/\/www.arcidiocesigaeta.it\/famiglia\/cammino-diocesano-per-le-famiglie\/convegno2019\/#primaryimage","url":"https:\/\/www.arcidiocesigaeta.it\/famiglia\/wp-content\/uploads\/sites\/10\/2019\/06\/locandina.png","contentUrl":"https:\/\/www.arcidiocesigaeta.it\/famiglia\/wp-content\/uploads\/sites\/10\/2019\/06\/locandina.png","width":674,"height":894},{"@type":"BreadcrumbList","@id":"https:\/\/www.arcidiocesigaeta.it\/famiglia\/cammino-diocesano-per-le-famiglie\/convegno2019\/#breadcrumb","itemListElement":[{"@type":"ListItem","position":1,"name":"Home","item":"https:\/\/www.arcidiocesigaeta.it\/famiglia\/"},{"@type":"ListItem","position":2,"name":"Cammino Diocesano per le Famiglie","item":"https:\/\/www.arcidiocesigaeta.it\/famiglia\/cammino-diocesano-per-le-famiglie\/"},{"@type":"ListItem","position":3,"name":"Cammino Diocesano per le Famiglie 2019"}]},{"@type":"WebSite","@id":"https:\/\/www.arcidiocesigaeta.it\/famiglia\/#website","url":"https:\/\/www.arcidiocesigaeta.it\/famiglia\/","name":"Ufficio Diocesano di Pastorale Familiare","description":"Arcidiocesi di Gaeta","potentialAction":[{"@type":"SearchAction","target":{"@type":"EntryPoint","urlTemplate":"https:\/\/www.arcidiocesigaeta.it\/famiglia\/?s={search_term_string}"},"query-input":{"@type":"PropertyValueSpecification","valueRequired":true,"valueName":"search_term_string"}}],"inLanguage":"it-IT"}]}},"_links":{"self":[{"href":"https:\/\/www.arcidiocesigaeta.it\/famiglia\/wp-json\/wp\/v2\/pages\/1342","targetHints":{"allow":["GET"]}}],"collection":[{"href":"https:\/\/www.arcidiocesigaeta.it\/famiglia\/wp-json\/wp\/v2\/pages"}],"about":[{"href":"https:\/\/www.arcidiocesigaeta.it\/famiglia\/wp-json\/wp\/v2\/types\/page"}],"author":[{"embeddable":true,"href":"https:\/\/www.arcidiocesigaeta.it\/famiglia\/wp-json\/wp\/v2\/users\/1"}],"replies":[{"embeddable":true,"href":"https:\/\/www.arcidiocesigaeta.it\/famiglia\/wp-json\/wp\/v2\/comments?post=1342"}],"version-history":[{"count":11,"href":"https:\/\/www.arcidiocesigaeta.it\/famiglia\/wp-json\/wp\/v2\/pages\/1342\/revisions"}],"predecessor-version":[{"id":1540,"href":"https:\/\/www.arcidiocesigaeta.it\/famiglia\/wp-json\/wp\/v2\/pages\/1342\/revisions\/1540"}],"up":[{"embeddable":true,"href":"https:\/\/www.arcidiocesigaeta.it\/famiglia\/wp-json\/wp\/v2\/pages\/1052"}],"wp:attachment":[{"href":"https:\/\/www.arcidiocesigaeta.it\/famiglia\/wp-json\/wp\/v2\/media?parent=1342"}],"curies":[{"name":"wp","href":"https:\/\/api.w.org\/{rel}","templated":true}]}}