{"id":2106,"date":"2025-04-17T11:39:10","date_gmt":"2025-04-17T09:39:10","guid":{"rendered":"https:\/\/www.arcidiocesigaeta.it\/famiglia\/?page_id=2106"},"modified":"2025-04-17T15:44:49","modified_gmt":"2025-04-17T13:44:49","slug":"home-2","status":"publish","type":"page","link":"https:\/\/www.arcidiocesigaeta.it\/famiglia\/","title":{"rendered":"Home"},"content":{"rendered":"<div id=\"pl-2106\"  class=\"panel-layout\" ><div id=\"pg-2106-0\"  class=\"panel-grid panel-no-style\" ><div id=\"pgc-2106-0-0\"  class=\"panel-grid-cell\" ><div id=\"panel-2106-0-0-0\" class=\"so-panel widget widget_bso-so-widget-all-in-one panel-first-child panel-last-child\" data-index=\"0\" ><div class=\"evidenza panel-widget-style panel-widget-style-for-2106-0-0-0\" ><div\n\t\t\t\n\t\t\tclass=\"so-widget-bso-so-widget-all-in-one so-widget-bso-so-widget-all-in-one-default-d75171398898-2106\"\n\t\t\t\n\t\t><div>                             <div class=\"item\">\n<a href=\"https:\/\/www.arcidiocesigaeta.it\/famiglia\/questo-e-il-mio-corpo-eucaristia-e-affettivita\/\"><div class=\"miniatura\" style=\"background: url(https:\/\/www.arcidiocesigaeta.it\/famiglia\/wp-content\/uploads\/sites\/10\/2026\/03\/11_Aprile_2026_S_Eucaristia_e_Affettivita_S_Albina_EVIDENZA-2.png);\"\/><\/div><\/a>\n<div class=\"evidecontent p-3 p-lg-4 mx-3 mx-xl-auto\">\n<div class=\"over\">\n<span class=\"data\">14 Marzo 2026<\/span><\/div>\n<a href=\"https:\/\/www.arcidiocesigaeta.it\/famiglia\/questo-e-il-mio-corpo-eucaristia-e-affettivita\/\">\n<h3 class=\"occhiello\">Sabato 11 Aprile 2026, ore 17.30 - S. Albina v.m., Scauri<\/h3>\n<h2 class=\"entry-title\">Questo \u00e8 il mio corpo &#8211; Eucaristia e Affettivit\u00e0<\/h2>\n<h2 class=\"sottotitolo\">Momenti di preghiera, formazione e condivisione, pensati per aiutare i partecipanti a riflettere sul legame profondo tra l\u2019Eucaristia e la dimensione affettiva della vita familiare.<\/h2>\n<div class=\"summary\">Un\u2019occasione preziosa per famiglie, coppie e comunit\u00e0 parrocchiali per vivere insieme un momento di spiritualit\u00e0, riflessione e fraternit\u00e0, approfondendo il significato dell\u2019Eucaristia nella&hellip;<\/div>\n<\/a>\n<\/div>\n<\/div>\n                           <\/div><\/div><\/div><\/div><\/div><\/div><div id=\"pg-2106-1\"  class=\"panel-grid panel-has-style\" ><div class=\"container panel-row-style panel-row-style-for-2106-1\" ><div id=\"pgc-2106-1-0\"  class=\"panel-grid-cell\" ><div id=\"panel-2106-1-0-0\" class=\"so-panel widget widget_bso-so-widget-all-in-one panel-first-child panel-last-child\" data-index=\"1\" ><div class=\"altrenews my-5 panel-widget-style panel-widget-style-for-2106-1-0-0\" ><div\n\t\t\t\n\t\t\tclass=\"so-widget-bso-so-widget-all-in-one so-widget-bso-so-widget-all-in-one-default-d75171398898-2239\"\n\t\t\t\n\t\t><div class=\"row g-3 g-xl-5\">                             <div class=\"col-12 col-md-4\">\n<div class=\"item\">\n<a href=\"https:\/\/www.arcidiocesigaeta.it\/famiglia\/giubileo-diocesano-delle-famiglie\/\"><div class=\"miniatura\" style=\"background: url(https:\/\/www.arcidiocesigaeta.it\/famiglia\/wp-content\/uploads\/sites\/10\/2025\/05\/20220425_07422211-e1748282370434.jpeg);\"\/><\/div><\/a>\n<div class=\"contenuto p-3\">\n<div class=\"over\">\n<span class=\"data\">26 Maggio 2025<\/span><\/div>\n<a href=\"https:\/\/www.arcidiocesigaeta.it\/famiglia\/giubileo-diocesano-delle-famiglie\/\">\n<h3 class=\"occhiello\">Domenica 15 Giugno 2025 - Santuario della Madonna della Civita (Itri)<\/h3>\n<h1 class=\"entry-title\">Giubileo Diocesano delle Famiglie<\/h1>\n<div class=\"summary\">Il 24 dicembre 2024, con l&#8217;apertura della porta santa della basilica di San&hellip;<\/div>\n<\/a>\n<\/div>\n<\/div>\n<\/div>\n                                                       <div class=\"col-12 col-md-4\">\n<div class=\"item\">\n<a href=\"https:\/\/www.arcidiocesigaeta.it\/famiglia\/e-il-signore\/\"><div class=\"miniatura\" style=\"background: url(https:\/\/www.arcidiocesigaeta.it\/famiglia\/wp-content\/uploads\/sites\/10\/2025\/05\/PastoraleFamiliareDiocesiGaeta_20250504_E_il_Signore-e1748122513313.png);\"\/><\/div><\/a>\n<div class=\"contenuto p-3\">\n<div class=\"over\">\n<span class=\"data\">24 Maggio 2025<\/span><\/div>\n<a href=\"https:\/\/www.arcidiocesigaeta.it\/famiglia\/e-il-signore\/\">\n<h3 class=\"occhiello\">LECTIO DIVINA SU 1 Gv 21, 1-19<\/h3>\n<h1 class=\"entry-title\">E&#8217; il Signore!<\/h1>\n<div class=\"summary\">Incontro con la Parola, rivolto a tutti.  &nbsp; PROGRAMMA 16.00 \u2013 ACCOGLIENZA 16.15 \u2013&hellip;<\/div>\n<\/a>\n<\/div>\n<\/div>\n<\/div>\n                                                       <div class=\"col-12 col-md-4\">\n<div class=\"item\">\n<a href=\"https:\/\/www.arcidiocesigaeta.it\/famiglia\/mission-is-possible\/\"><div class=\"miniatura\" style=\"background: url(https:\/\/www.arcidiocesigaeta.it\/famiglia\/wp-content\/uploads\/sites\/10\/2025\/05\/2025.03.09_PastoraleFamiliare_incontro_operatori-e1748122194736.png);\"\/><\/div><\/a>\n<div class=\"contenuto p-3\">\n<div class=\"over\">\n<span class=\"data\">24 Maggio 2025<\/span><\/div>\n<a href=\"https:\/\/www.arcidiocesigaeta.it\/famiglia\/mission-is-possible\/\">\n<h3 class=\"occhiello\">Incontro per gli operatori di Pastorale Familiare<\/h3>\n<h1 class=\"entry-title\">Mission is possible!<\/h1>\n<div class=\"summary\">Incontro rivolto agli operatori di Pastorale Familiare. Prevista iscrizione.  PROGRAMMA 9.00 \u2013 ACCOGLIENZA&hellip;<\/div>\n<\/a>\n<\/div>\n<\/div>\n<\/div>\n                           <\/div><div class=\"archiviolink text-center mt-3 mb-5\"><a href=\"\/famiglia\/category\/news\">TUTTE LE NEWS   <i class=\"fa-solid fa-circle-arrow-right\"><\/i><\/a><\/div><\/div><\/div><\/div><\/div><\/div><\/div><div id=\"pg-2106-2\"  class=\"panel-grid panel-has-style\" ><div class=\"container my-5 row g-3 gray_row panel-row-style panel-row-style-for-2106-2\" ><div id=\"pgc-2106-2-0\"  class=\"panel-grid-cell\" ><div id=\"panel-2106-2-0-0\" class=\"so-panel widget widget_sow-image panel-first-child panel-last-child\" data-index=\"2\" ><div\n\t\t\t\n\t\t\tclass=\"so-widget-sow-image so-widget-sow-image-default-a258e6bfa2d8-2179\"\n\t\t\t\n\t\t>\n<div class=\"sow-image-container\">\n\t\t\t<a href=\"https:\/\/famiglia.chiesacattolica.it\/\"\n\t\t\t\t\t>\n\t\t\t<img \n\tsrc=\"https:\/\/www.arcidiocesigaeta.it\/famiglia\/wp-content\/uploads\/sites\/10\/2025\/04\/ceifam.png\" width=\"300\" height=\"103\" sizes=\"(max-width: 300px) 100vw, 300px\" title=\"famiglia.chiesacattolica.it\" alt=\"famiglia.chiesacattolica.it\" \t\tclass=\"so-widget-image\"\/>\n\t\t\t<\/a><\/div>\n\n<\/div><\/div><\/div><div id=\"pgc-2106-2-1\"  class=\"panel-grid-cell panel-grid-cell-mobile-last\" ><div id=\"panel-2106-2-1-0\" class=\"so-panel widget widget_sow-editor panel-first-child panel-last-child\" data-index=\"3\" ><div class=\"radio avvenirelazio panel-widget-style panel-widget-style-for-2106-2-1-0\" ><div\n\t\t\t\n\t\t\tclass=\"so-widget-sow-editor so-widget-sow-editor-base\"\n\t\t\t\n\t\t><h3 class=\"widget-title\">8XMILLE<\/h3>\n<div class=\"siteorigin-widget-tinymce textwidget\">\n\t<div class=\"banner8xmille\"><script src=\"https:\/\/banner.8xmille.it\/banner-js.php?b=970x250_CEI_ACCOGLIENZA\" async><\/script><\/div>\n<\/div>\n<\/div><\/div><\/div><\/div><div id=\"pgc-2106-2-2\"  class=\"panel-grid-cell panel-grid-cell-empty\" ><\/div><\/div><\/div><div id=\"pg-2106-3\"  class=\"panel-grid panel-has-style\" ><div class=\"container rigabanner panel-row-style panel-row-style-for-2106-3\" ><div id=\"pgc-2106-3-0\"  class=\"panel-grid-cell\" ><div id=\"panel-2106-3-0-0\" class=\"so-panel widget widget_sow-anything-carousel panel-first-child panel-last-child\" data-index=\"4\" ><div\n\t\t\t\n\t\t\tclass=\"so-widget-sow-anything-carousel so-widget-sow-anything-carousel-base-ebcd9f0bf522-2179\"\n\t\t\t\n\t\t><div class=\"sow-carousel-title\">\n\t<\/div>\n\n<div class=\"sow-carousel-container \">\n\t\t\t<div class=\"sow-carousel-navigation sow-carousel-navigation-prev \">\n\t\t\t\t\t\t<a href=\"#\" class=\"sow-carousel-previous\" title=\"Previous\" aria-label=\"Previous Posts\" role=\"button\"><\/a>\n\t\t\t\t\t<\/div>\n\t\t<div class=\"sow-carousel-wrapper\"\n\t\tdata-dir=\"ltr\"\n\t\tstyle=\"opacity: 0;\"\n\t\tdata-widget=\"anything\" data-item_count=\"6\" data-loop=\"\" data-carousel_settings=\"{&quot;loop&quot;:&quot;&quot;,&quot;dots&quot;:&quot;&quot;,&quot;animation&quot;:&quot;ease&quot;,&quot;animation_speed&quot;:400,&quot;autoplay&quot;:&quot;&quot;,&quot;pauseOnHover&quot;:&quot;&quot;,&quot;autoplaySpeed&quot;:8000,&quot;item_overflow&quot;:false,&quot;adaptive_height&quot;:&quot;&quot;}\" data-responsive=\"{&quot;desktop_slides_to_scroll&quot;:1,&quot;tablet_landscape_breakpoint&quot;:1366,&quot;tablet_landscape_slides_to_scroll&quot;:3,&quot;tablet_portrait_breakpoint&quot;:1025,&quot;tablet_portrait_slides_to_scroll&quot;:2,&quot;mobile_breakpoint&quot;:480,&quot;mobile_slides_to_scroll&quot;:1,&quot;desktop_slides_to_show&quot;:4,&quot;tablet_landscape_slides_to_show&quot;:3,&quot;tablet_portrait_slides_to_show&quot;:2,&quot;mobile_slides_to_show&quot;:1}\" \t>\n\t\t<div\n\t\t\tclass=\"sow-carousel-items\"\n\t\t\t\t\t>\n\t\t\t\t<div class=\"sow-carousel-item\" tabindex=\"-1\">\n\t\t\t\t\t<h4 class=\"sow-carousel-item-title\">\n\t\t\t\tcaritas gaeta\t\t\t<\/h4>\n\t\t\n\t\t<div class=\"sow-carousel-content\">\n\t\t\t<p style=\"text-align: center;\"><a href=\"http:\/\/www.caritasgaeta.it\/\" target=\"_blank\" rel=\"noopener\"><img loading=\"lazy\" decoding=\"async\" class=\"alignnone size-full wp-image-15872\" src=\"https:\/\/www.arcidiocesigaeta.it\/wp-content\/uploads\/sites\/6\/2024\/08\/fbd0ab9e5bc038b788d6a5b8d8564f0d.png\" alt=\"caritas gaeta\" width=\"293\" height=\"102\" \/><\/a><\/p>\t\t<\/div>\n\t<\/div>\n\t\t<div class=\"sow-carousel-item\" tabindex=\"-1\">\n\t\t\t\t\t<h4 class=\"sow-carousel-item-title\">\n\t\t\t\tmuseo\t\t\t<\/h4>\n\t\t\n\t\t<div class=\"sow-carousel-content\">\n\t\t\t<p><a href=\"https:\/\/www.arcidiocesigaeta.it\/museo\/\"><img loading=\"lazy\" decoding=\"async\" class=\"wp-image-15873 size-full aligncenter\" src=\"https:\/\/www.arcidiocesigaeta.it\/wp-content\/uploads\/sites\/6\/2024\/08\/9b1564382839b622a4a1814415d1f334.png\" alt=\"museo\" width=\"293\" height=\"102\" \/><\/a><\/p>\n\t\t<\/div>\n\t<\/div>\n\t\t<div class=\"sow-carousel-item\" tabindex=\"-1\">\n\t\t\t\t\t<h4 class=\"sow-carousel-item-title\">\n\t\t\t\tAC GAETA\t\t\t<\/h4>\n\t\t\n\t\t<div class=\"sow-carousel-content\">\n\t\t\t<p><a href=\"http:\/\/www.azionecattolicagaeta.it\/\" target=\"_blank\" rel=\"noopener\"><img loading=\"lazy\" decoding=\"async\" class=\"aligncenter wp-image-15874 size-full\" src=\"https:\/\/www.arcidiocesigaeta.it\/wp-content\/uploads\/sites\/6\/2024\/08\/154f025975d6f38a01c590fc567b8644.png\" alt=\"AC gaeta\" width=\"293\" height=\"102\" \/><\/a><\/p>\n\t\t<\/div>\n\t<\/div>\n\t\t<div class=\"sow-carousel-item\" tabindex=\"-1\">\n\t\t\t\t\t<h4 class=\"sow-carousel-item-title\">\n\t\t\t\ttutela minori\t\t\t<\/h4>\n\t\t\n\t\t<div class=\"sow-carousel-content\">\n\t\t\t<p><a href=\"https:\/\/www.tutelaminoridiocesilaziosud.it\/\" target=\"_blank\" rel=\"noopener\"><img loading=\"lazy\" decoding=\"async\" class=\"aligncenter wp-image-15894 size-full\" src=\"https:\/\/www.arcidiocesigaeta.it\/wp-content\/uploads\/sites\/6\/2024\/08\/tutelaminori.jpg\" alt=\"tutela minori\" width=\"293\" height=\"102\" \/><\/a><\/p>\n\t\t<\/div>\n\t<\/div>\n\t\t<div class=\"sow-carousel-item\" tabindex=\"-1\">\n\t\t\t\t\t<h4 class=\"sow-carousel-item-title\">\n\t\t\t\tChiesa cattolica\t\t\t<\/h4>\n\t\t\n\t\t<div class=\"sow-carousel-content\">\n\t\t\t<p style=\"text-align: center;\"><a href=\"http:\/\/www.chiesacattolica.it\/\" target=\"_blank\" rel=\"noopener\"><img loading=\"lazy\" decoding=\"async\" class=\"alignnone wp-image-5534 size-full\" src=\"https:\/\/www.arcidiocesigaeta.it\/wp-content\/uploads\/sites\/6\/2017\/12\/03\/cci_banner.png\" alt=\"chiesacattolica\" width=\"293\" height=\"102\" \/><\/a><\/p>\n\t\t<\/div>\n\t<\/div>\n\t\t<div class=\"sow-carousel-item\" tabindex=\"-1\">\n\t\t\t\t\t<h4 class=\"sow-carousel-item-title\">\n\t\t\t\tCEI\t\t\t<\/h4>\n\t\t\n\t\t<div class=\"sow-carousel-content\">\n\t\t\t<p><a href=\"https:\/\/www.chiesacattolica.it\/categorie\/notizie\/\" target=\"_blank\" rel=\"noopener\"><img loading=\"lazy\" decoding=\"async\" class=\"aligncenter wp-image-7644 size-full\" src=\"https:\/\/www.arcidiocesigaeta.it\/wp-content\/uploads\/sites\/6\/2018\/09\/19\/banner_ceinews.png\" alt=\"CEI News\" width=\"293\" height=\"102\" \/><\/a><\/p>\n\t\t<\/div>\n\t<\/div>\n\t\t\t<\/div>\n\t\t\t<\/div>\n\n\t\t\t<div class=\"sow-carousel-navigation sow-carousel-navigation-next \">\n\t\t\t\t\t\t<a href=\"#\" class=\"sow-carousel-next\" title=\"Next\" aria-label=\"Next Posts\" role=\"button\"><\/a>\n\t\t\t\t\t<\/div>\n\t<\/div>\n<\/div><\/div><\/div><\/div><\/div><\/div>","protected":false},"excerpt":{"rendered":"<p>8XMILLE<\/p>\n","protected":false},"author":1,"featured_media":0,"parent":0,"menu_order":0,"comment_status":"closed","ping_status":"closed","template":"","meta":{"footnotes":""},"class_list":["post-2106","page","type-page","status-publish","hentry"],"acf":[],"yoast_head":"<!-- This site is optimized with the Yoast SEO plugin v25.2 - https:\/\/yoast.com\/wordpress\/plugins\/seo\/ -->\n<title>Home - Ufficio Diocesano di Pastorale Familiare<\/title>\n<meta name=\"robots\" content=\"index, follow, max-snippet:-1, max-image-preview:large, max-video-preview:-1\" \/>\n<link rel=\"canonical\" href=\"https:\/\/www.arcidiocesigaeta.it\/famiglia\/\" \/>\n<meta property=\"og:locale\" content=\"it_IT\" \/>\n<meta property=\"og:type\" content=\"article\" \/>\n<meta property=\"og:title\" content=\"Home - Ufficio Diocesano di Pastorale Familiare\" \/>\n<meta property=\"og:description\" content=\"8XMILLE\" \/>\n<meta property=\"og:url\" content=\"https:\/\/www.arcidiocesigaeta.it\/famiglia\/\" \/>\n<meta property=\"og:site_name\" content=\"Ufficio Diocesano di Pastorale Familiare\" \/>\n<meta property=\"article:modified_time\" content=\"2025-04-17T13:44:49+00:00\" \/>\n<meta name=\"twitter:card\" content=\"summary_large_image\" \/>\n<script type=\"application\/ld+json\" class=\"yoast-schema-graph\">{\"@context\":\"https:\/\/schema.org\",\"@graph\":[{\"@type\":\"WebPage\",\"@id\":\"https:\/\/www.arcidiocesigaeta.it\/famiglia\/\",\"url\":\"https:\/\/www.arcidiocesigaeta.it\/famiglia\/\",\"name\":\"Home - Ufficio Diocesano di Pastorale Familiare\",\"isPartOf\":{\"@id\":\"https:\/\/www.arcidiocesigaeta.it\/famiglia\/#website\"},\"datePublished\":\"2025-04-17T09:39:10+00:00\",\"dateModified\":\"2025-04-17T13:44:49+00:00\",\"breadcrumb\":{\"@id\":\"https:\/\/www.arcidiocesigaeta.it\/famiglia\/#breadcrumb\"},\"inLanguage\":\"it-IT\",\"potentialAction\":[{\"@type\":\"ReadAction\",\"target\":[\"https:\/\/www.arcidiocesigaeta.it\/famiglia\/\"]}]},{\"@type\":\"BreadcrumbList\",\"@id\":\"https:\/\/www.arcidiocesigaeta.it\/famiglia\/#breadcrumb\",\"itemListElement\":[{\"@type\":\"ListItem\",\"position\":1,\"name\":\"Home\",\"item\":\"https:\/\/www.arcidiocesigaeta.it\/famiglia\/\"},{\"@type\":\"ListItem\",\"position\":2,\"name\":\"Home\"}]},{\"@type\":\"WebSite\",\"@id\":\"https:\/\/www.arcidiocesigaeta.it\/famiglia\/#website\",\"url\":\"https:\/\/www.arcidiocesigaeta.it\/famiglia\/\",\"name\":\"Ufficio Diocesano di Pastorale Familiare\",\"description\":\"Arcidiocesi di Gaeta\",\"potentialAction\":[{\"@type\":\"SearchAction\",\"target\":{\"@type\":\"EntryPoint\",\"urlTemplate\":\"https:\/\/www.arcidiocesigaeta.it\/famiglia\/?s={search_term_string}\"},\"query-input\":{\"@type\":\"PropertyValueSpecification\",\"valueRequired\":true,\"valueName\":\"search_term_string\"}}],\"inLanguage\":\"it-IT\"}]}<\/script>\n<!-- \/ Yoast SEO plugin. -->","yoast_head_json":{"title":"Home - Ufficio Diocesano di Pastorale Familiare","robots":{"index":"index","follow":"follow","max-snippet":"max-snippet:-1","max-image-preview":"max-image-preview:large","max-video-preview":"max-video-preview:-1"},"canonical":"https:\/\/www.arcidiocesigaeta.it\/famiglia\/","og_locale":"it_IT","og_type":"article","og_title":"Home - Ufficio Diocesano di Pastorale Familiare","og_description":"8XMILLE","og_url":"https:\/\/www.arcidiocesigaeta.it\/famiglia\/","og_site_name":"Ufficio Diocesano di Pastorale Familiare","article_modified_time":"2025-04-17T13:44:49+00:00","twitter_card":"summary_large_image","schema":{"@context":"https:\/\/schema.org","@graph":[{"@type":"WebPage","@id":"https:\/\/www.arcidiocesigaeta.it\/famiglia\/","url":"https:\/\/www.arcidiocesigaeta.it\/famiglia\/","name":"Home - Ufficio Diocesano di Pastorale Familiare","isPartOf":{"@id":"https:\/\/www.arcidiocesigaeta.it\/famiglia\/#website"},"datePublished":"2025-04-17T09:39:10+00:00","dateModified":"2025-04-17T13:44:49+00:00","breadcrumb":{"@id":"https:\/\/www.arcidiocesigaeta.it\/famiglia\/#breadcrumb"},"inLanguage":"it-IT","potentialAction":[{"@type":"ReadAction","target":["https:\/\/www.arcidiocesigaeta.it\/famiglia\/"]}]},{"@type":"BreadcrumbList","@id":"https:\/\/www.arcidiocesigaeta.it\/famiglia\/#breadcrumb","itemListElement":[{"@type":"ListItem","position":1,"name":"Home","item":"https:\/\/www.arcidiocesigaeta.it\/famiglia\/"},{"@type":"ListItem","position":2,"name":"Home"}]},{"@type":"WebSite","@id":"https:\/\/www.arcidiocesigaeta.it\/famiglia\/#website","url":"https:\/\/www.arcidiocesigaeta.it\/famiglia\/","name":"Ufficio Diocesano di Pastorale Familiare","description":"Arcidiocesi di Gaeta","potentialAction":[{"@type":"SearchAction","target":{"@type":"EntryPoint","urlTemplate":"https:\/\/www.arcidiocesigaeta.it\/famiglia\/?s={search_term_string}"},"query-input":{"@type":"PropertyValueSpecification","valueRequired":true,"valueName":"search_term_string"}}],"inLanguage":"it-IT"}]}},"_links":{"self":[{"href":"https:\/\/www.arcidiocesigaeta.it\/famiglia\/wp-json\/wp\/v2\/pages\/2106","targetHints":{"allow":["GET"]}}],"collection":[{"href":"https:\/\/www.arcidiocesigaeta.it\/famiglia\/wp-json\/wp\/v2\/pages"}],"about":[{"href":"https:\/\/www.arcidiocesigaeta.it\/famiglia\/wp-json\/wp\/v2\/types\/page"}],"author":[{"embeddable":true,"href":"https:\/\/www.arcidiocesigaeta.it\/famiglia\/wp-json\/wp\/v2\/users\/1"}],"replies":[{"embeddable":true,"href":"https:\/\/www.arcidiocesigaeta.it\/famiglia\/wp-json\/wp\/v2\/comments?post=2106"}],"version-history":[{"count":31,"href":"https:\/\/www.arcidiocesigaeta.it\/famiglia\/wp-json\/wp\/v2\/pages\/2106\/revisions"}],"predecessor-version":[{"id":2152,"href":"https:\/\/www.arcidiocesigaeta.it\/famiglia\/wp-json\/wp\/v2\/pages\/2106\/revisions\/2152"}],"wp:attachment":[{"href":"https:\/\/www.arcidiocesigaeta.it\/famiglia\/wp-json\/wp\/v2\/media?parent=2106"}],"curies":[{"name":"wp","href":"https:\/\/api.w.org\/{rel}","templated":true}]}}